{"id":2207,"date":"2025-03-11T08:41:14","date_gmt":"2025-03-11T08:41:14","guid":{"rendered":"https:\/\/www.lerelais-delasansfond.com\/?page_id=2207"},"modified":"2025-08-18T11:05:41","modified_gmt":"2025-08-18T11:05:41","slug":"evenements","status":"publish","type":"page","link":"https:\/\/www.lerelais-delasansfond.com\/en\/evenements\/","title":{"rendered":"Events"},"content":{"rendered":"\t\t<div data-elementor-type=\"wp-page\" data-elementor-id=\"2207\" class=\"elementor elementor-2207\">\n\t\t\t\t\t\t<section class=\"elementor-section elementor-top-section elementor-element elementor-element-af4b86b elementor-section-height-min-height elementor-section-boxed elementor-section-height-default elementor-section-items-middle wpr-particle-no wpr-jarallax-no wpr-parallax-no wpr-sticky-section-no\" data-id=\"af4b86b\" data-element_type=\"section\" data-e-type=\"section\" data-settings=\"{&quot;background_background&quot;:&quot;classic&quot;}\">\n\t\t\t\t\t\t\t<div class=\"elementor-background-overlay\"><\/div>\n\t\t\t\t\t\t\t<div class=\"elementor-container elementor-column-gap-default\">\n\t\t\t\t\t<div class=\"elementor-column elementor-col-100 elementor-top-column elementor-element elementor-element-797f7bc\" data-id=\"797f7bc\" data-element_type=\"column\" data-e-type=\"column\">\n\t\t\t<div class=\"elementor-widget-wrap elementor-element-populated\">\n\t\t\t\t\t\t<div class=\"elementor-element elementor-element-ebff336 elementor-widget elementor-widget-heading\" data-id=\"ebff336\" data-element_type=\"widget\" data-e-type=\"widget\" data-widget_type=\"heading.default\">\n\t\t\t\t<div class=\"elementor-widget-container\">\n\t\t\t\t\t<h1 class=\"elementor-heading-title elementor-size-default\">Ev\u00e8nements<\/h1>\t\t\t\t<\/div>\n\t\t\t\t<\/div>\n\t\t\t\t<div class=\"elementor-element elementor-element-75bfb10 elementor-align-center elementor-widget elementor-widget-button\" data-id=\"75bfb10\" data-element_type=\"widget\" data-e-type=\"widget\" data-widget_type=\"button.default\">\n\t\t\t\t<div class=\"elementor-widget-container\">\n\t\t\t\t\t\t\t\t\t<div class=\"elementor-button-wrapper\">\n\t\t\t\t\t<a class=\"elementor-button elementor-button-link elementor-size-sm\" href=\"https:\/\/www.lerelais-delasansfond.com\/contact-plan-dacces\/#devis\">\n\t\t\t\t\t\t<span class=\"elementor-button-content-wrapper\">\n\t\t\t\t\t\t\t\t\t<span class=\"elementor-button-text\">Demande de d\u00e9vis<\/span>\n\t\t\t\t\t<\/span>\n\t\t\t\t\t<\/a>\n\t\t\t\t<\/div>\n\t\t\t\t\t\t\t\t<\/div>\n\t\t\t\t<\/div>\n\t\t\t\t\t<\/div>\n\t\t<\/div>\n\t\t\t\t\t<\/div>\n\t\t<\/section>\n\t\t\t\t<section class=\"elementor-section elementor-top-section elementor-element elementor-element-5020f90 elementor-section-boxed elementor-section-height-default elementor-section-height-default wpr-particle-no wpr-jarallax-no wpr-parallax-no wpr-sticky-section-no\" data-id=\"5020f90\" data-element_type=\"section\" data-e-type=\"section\">\n\t\t\t\t\t\t<div class=\"elementor-container elementor-column-gap-default\">\n\t\t\t\t\t<div class=\"elementor-column elementor-col-50 elementor-top-column elementor-element elementor-element-308d38e\" data-id=\"308d38e\" data-element_type=\"column\" data-e-type=\"column\">\n\t\t\t<div class=\"elementor-widget-wrap elementor-element-populated\">\n\t\t\t\t\t\t<div class=\"elementor-element elementor-element-88fdf24 elementor-invisible elementor-widget elementor-widget-heading\" data-id=\"88fdf24\" data-element_type=\"widget\" data-e-type=\"widget\" data-settings=\"{&quot;_animation&quot;:&quot;slideInLeft&quot;,&quot;_animation_delay&quot;:100}\" data-widget_type=\"heading.default\">\n\t\t\t\t<div class=\"elementor-widget-container\">\n\t\t\t\t\t<h2 class=\"elementor-heading-title elementor-size-default\">Organisez vos \u00e9v\u00e9nements<\/h2>\t\t\t\t<\/div>\n\t\t\t\t<\/div>\n\t\t\t\t<div class=\"elementor-element elementor-element-21a1306 elementor-widget-divider--view-line elementor-invisible elementor-widget elementor-widget-divider\" data-id=\"21a1306\" data-element_type=\"widget\" data-e-type=\"widget\" data-settings=\"{&quot;_animation&quot;:&quot;slideInLeft&quot;,&quot;_animation_delay&quot;:200}\" data-widget_type=\"divider.default\">\n\t\t\t\t<div class=\"elementor-widget-container\">\n\t\t\t\t\t\t\t<div class=\"elementor-divider\">\n\t\t\t<span class=\"elementor-divider-separator\">\n\t\t\t\t\t\t<\/span>\n\t\t<\/div>\n\t\t\t\t\t\t<\/div>\n\t\t\t\t<\/div>\n\t\t\t\t<div class=\"elementor-element elementor-element-3807c52 elementor-invisible elementor-widget elementor-widget-text-editor\" data-id=\"3807c52\" data-element_type=\"widget\" data-e-type=\"widget\" data-settings=\"{&quot;_animation&quot;:&quot;slideInLeft&quot;,&quot;_animation_delay&quot;:300}\" data-widget_type=\"text-editor.default\">\n\t\t\t\t<div class=\"elementor-widget-container\">\n\t\t\t\t\t\t\t\t\t<p>Le Relais de la Sans Fond \u00e0 F\u00e9nay est l&rsquo;endroit id\u00e9al pour organiser tous vos \u00e9v\u00e9nements sp\u00e9ciaux. Que ce soit pour des mariages, des anniversaires, des s\u00e9minaires ou des r\u00e9unions de groupe, notre \u00e9quipe d\u00e9di\u00e9e est \u00e0 votre disposition pour faire de chaque occasion un moment m\u00e9morable. Profitez de notre cadre \u00e9l\u00e9gant et de notre service personnalis\u00e9 pour des \u00e9v\u00e9nements r\u00e9ussis.<\/p>\t\t\t\t\t\t\t\t<\/div>\n\t\t\t\t<\/div>\n\t\t\t\t\t<\/div>\n\t\t<\/div>\n\t\t\t\t<div class=\"elementor-column elementor-col-50 elementor-top-column elementor-element elementor-element-cc457f7\" data-id=\"cc457f7\" data-element_type=\"column\" data-e-type=\"column\">\n\t\t\t<div class=\"elementor-widget-wrap elementor-element-populated\">\n\t\t\t\t\t\t<div class=\"elementor-element elementor-element-e3c64f7 elementor-invisible elementor-widget elementor-widget-image\" data-id=\"e3c64f7\" data-element_type=\"widget\" data-e-type=\"widget\" data-settings=\"{&quot;_animation&quot;:&quot;slideInRight&quot;}\" data-widget_type=\"image.default\">\n\t\t\t\t<div class=\"elementor-widget-container\">\n\t\t\t\t\t\t\t\t\t\t\t\t\t\t\t<img fetchpriority=\"high\" decoding=\"async\" width=\"960\" height=\"720\" src=\"https:\/\/www.lerelais-delasansfond.com\/wp-content\/uploads\/2025\/02\/img_1_evn-1024x768.jpeg\" class=\"attachment-large size-large wp-image-2107\" alt=\"\" srcset=\"https:\/\/www.lerelais-delasansfond.com\/wp-content\/uploads\/2025\/02\/img_1_evn-1024x768.jpeg 1024w, https:\/\/www.lerelais-delasansfond.com\/wp-content\/uploads\/2025\/02\/img_1_evn-300x225.jpeg 300w, https:\/\/www.lerelais-delasansfond.com\/wp-content\/uploads\/2025\/02\/img_1_evn-768x576.jpeg 768w, https:\/\/www.lerelais-delasansfond.com\/wp-content\/uploads\/2025\/02\/img_1_evn-1536x1152.jpeg 1536w, https:\/\/www.lerelais-delasansfond.com\/wp-content\/uploads\/2025\/02\/img_1_evn-2048x1536.jpeg 2048w\" sizes=\"(max-width: 960px) 100vw, 960px\" \/>\t\t\t\t\t\t\t\t\t\t\t\t\t\t\t<\/div>\n\t\t\t\t<\/div>\n\t\t\t\t\t<\/div>\n\t\t<\/div>\n\t\t\t\t\t<\/div>\n\t\t<\/section>\n\t\t\t\t<section class=\"elementor-section elementor-top-section elementor-element elementor-element-111c7fd elementor-section-boxed elementor-section-height-default elementor-section-height-default wpr-particle-no wpr-jarallax-no wpr-parallax-no wpr-sticky-section-no\" data-id=\"111c7fd\" data-element_type=\"section\" data-e-type=\"section\" data-settings=\"{&quot;background_background&quot;:&quot;classic&quot;}\">\n\t\t\t\t\t\t<div class=\"elementor-container elementor-column-gap-default\">\n\t\t\t\t\t<div class=\"elementor-column elementor-col-50 elementor-top-column elementor-element elementor-element-1141844\" data-id=\"1141844\" data-element_type=\"column\" data-e-type=\"column\">\n\t\t\t<div class=\"elementor-widget-wrap elementor-element-populated\">\n\t\t\t\t\t\t<div class=\"elementor-element elementor-element-a71f4c7 elementor-widget elementor-widget-image\" data-id=\"a71f4c7\" data-element_type=\"widget\" data-e-type=\"widget\" data-settings=\"{&quot;_animation&quot;:&quot;none&quot;}\" data-widget_type=\"image.default\">\n\t\t\t\t<div class=\"elementor-widget-container\">\n\t\t\t\t\t\t\t\t\t\t\t\t\t\t\t<img decoding=\"async\" src=\"https:\/\/www.lerelais-delasansfond.com\/wp-content\/uploads\/elementor\/thumbs\/20250816_191647_10-scaled-rafn265v5hhmp8ekkohe49528st4scnp77hd1zemb4.png\" title=\"20250816_191647_10\" alt=\"20250816_191647_10\" loading=\"lazy\" \/>\t\t\t\t\t\t\t\t\t\t\t\t\t\t\t<\/div>\n\t\t\t\t<\/div>\n\t\t\t\t\t<\/div>\n\t\t<\/div>\n\t\t\t\t<div class=\"elementor-column elementor-col-50 elementor-top-column elementor-element elementor-element-eca7d6d\" data-id=\"eca7d6d\" data-element_type=\"column\" data-e-type=\"column\">\n\t\t\t<div class=\"elementor-widget-wrap elementor-element-populated\">\n\t\t\t\t\t\t<div class=\"elementor-element elementor-element-f8fef84 elementor-widget elementor-widget-heading\" data-id=\"f8fef84\" data-element_type=\"widget\" data-e-type=\"widget\" data-widget_type=\"heading.default\">\n\t\t\t\t<div class=\"elementor-widget-container\">\n\t\t\t\t\t<h2 class=\"elementor-heading-title elementor-size-default\">Service Traiteur<\/h2>\t\t\t\t<\/div>\n\t\t\t\t<\/div>\n\t\t\t\t<div class=\"elementor-element elementor-element-efb307f elementor-widget-divider--view-line elementor-invisible elementor-widget elementor-widget-divider\" data-id=\"efb307f\" data-element_type=\"widget\" data-e-type=\"widget\" data-settings=\"{&quot;_animation&quot;:&quot;slideInLeft&quot;,&quot;_animation_delay&quot;:200}\" data-widget_type=\"divider.default\">\n\t\t\t\t<div class=\"elementor-widget-container\">\n\t\t\t\t\t\t\t<div class=\"elementor-divider\">\n\t\t\t<span class=\"elementor-divider-separator\">\n\t\t\t\t\t\t<\/span>\n\t\t<\/div>\n\t\t\t\t\t\t<\/div>\n\t\t\t\t<\/div>\n\t\t\t\t<div class=\"elementor-element elementor-element-3b7aaa5 elementor-widget elementor-widget-text-editor\" data-id=\"3b7aaa5\" data-element_type=\"widget\" data-e-type=\"widget\" data-widget_type=\"text-editor.default\">\n\t\t\t\t<div class=\"elementor-widget-container\">\n\t\t\t\t\t\t\t\t\t<p>Profitez de notre service traiteur pour vos \u00e9v\u00e9nements, qu&rsquo;ils soient priv\u00e9s ou professionnels. Notre chef et son \u00e9quipe vous proposent une cuisine inventive et raffin\u00e9e, faite maison.<\/p>\t\t\t\t\t\t\t\t<\/div>\n\t\t\t\t<\/div>\n\t\t\t\t\t<\/div>\n\t\t<\/div>\n\t\t\t\t\t<\/div>\n\t\t<\/section>\n\t\t\t\t<section class=\"elementor-section elementor-top-section elementor-element elementor-element-bc548e5 elementor-section-boxed elementor-section-height-default elementor-section-height-default wpr-particle-no wpr-jarallax-no wpr-parallax-no wpr-sticky-section-no\" data-id=\"bc548e5\" data-element_type=\"section\" data-e-type=\"section\">\n\t\t\t\t\t\t<div class=\"elementor-container elementor-column-gap-default\">\n\t\t\t\t\t<div class=\"elementor-column elementor-col-50 elementor-top-column elementor-element elementor-element-88893d5\" data-id=\"88893d5\" data-element_type=\"column\" data-e-type=\"column\">\n\t\t\t<div class=\"elementor-widget-wrap elementor-element-populated\">\n\t\t\t\t\t\t<div class=\"elementor-element elementor-element-2842d63 elementor-invisible elementor-widget elementor-widget-heading\" data-id=\"2842d63\" data-element_type=\"widget\" data-e-type=\"widget\" data-settings=\"{&quot;_animation&quot;:&quot;slideInLeft&quot;,&quot;_animation_delay&quot;:100}\" data-widget_type=\"heading.default\">\n\t\t\t\t<div class=\"elementor-widget-container\">\n\t\t\t\t\t<h2 class=\"elementor-heading-title elementor-size-default\">S\u00e9minaires et Groupes<\/h2>\t\t\t\t<\/div>\n\t\t\t\t<\/div>\n\t\t\t\t<div class=\"elementor-element elementor-element-d97e5ef elementor-widget-divider--view-line elementor-invisible elementor-widget elementor-widget-divider\" data-id=\"d97e5ef\" data-element_type=\"widget\" data-e-type=\"widget\" data-settings=\"{&quot;_animation&quot;:&quot;slideInLeft&quot;,&quot;_animation_delay&quot;:200}\" data-widget_type=\"divider.default\">\n\t\t\t\t<div class=\"elementor-widget-container\">\n\t\t\t\t\t\t\t<div class=\"elementor-divider\">\n\t\t\t<span class=\"elementor-divider-separator\">\n\t\t\t\t\t\t<\/span>\n\t\t<\/div>\n\t\t\t\t\t\t<\/div>\n\t\t\t\t<\/div>\n\t\t\t\t<div class=\"elementor-element elementor-element-23ee39a elementor-invisible elementor-widget elementor-widget-text-editor\" data-id=\"23ee39a\" data-element_type=\"widget\" data-e-type=\"widget\" data-settings=\"{&quot;_animation&quot;:&quot;slideInLeft&quot;,&quot;_animation_delay&quot;:300}\" data-widget_type=\"text-editor.default\">\n\t\t\t\t<div class=\"elementor-widget-container\">\n\t\t\t\t\t\t\t\t\t<p>Organisez vos s\u00e9minaires, conf\u00e9rences ou r\u00e9unions de groupe dans un cadre professionnel et convivial. Nos salles modulables sont \u00e9quip\u00e9es pour r\u00e9pondre \u00e0 vos besoins.<\/p>\t\t\t\t\t\t\t\t<\/div>\n\t\t\t\t<\/div>\n\t\t\t\t\t<\/div>\n\t\t<\/div>\n\t\t\t\t<div class=\"elementor-column elementor-col-50 elementor-top-column elementor-element elementor-element-20e0f16\" data-id=\"20e0f16\" data-element_type=\"column\" data-e-type=\"column\">\n\t\t\t<div class=\"elementor-widget-wrap elementor-element-populated\">\n\t\t\t\t\t\t<div class=\"elementor-element elementor-element-1f50576 elementor-widget elementor-widget-image\" data-id=\"1f50576\" data-element_type=\"widget\" data-e-type=\"widget\" data-widget_type=\"image.default\">\n\t\t\t\t<div class=\"elementor-widget-container\">\n\t\t\t\t\t\t\t\t\t\t\t\t\t\t\t<img decoding=\"async\" width=\"960\" height=\"963\" src=\"https:\/\/www.lerelais-delasansfond.com\/wp-content\/uploads\/2025\/08\/IMG_6816-1021x1024.jpg\" class=\"attachment-large size-large wp-image-2658\" alt=\"\" srcset=\"https:\/\/www.lerelais-delasansfond.com\/wp-content\/uploads\/2025\/08\/IMG_6816-1021x1024.jpg 1021w, https:\/\/www.lerelais-delasansfond.com\/wp-content\/uploads\/2025\/08\/IMG_6816-300x300.jpg 300w, https:\/\/www.lerelais-delasansfond.com\/wp-content\/uploads\/2025\/08\/IMG_6816-150x150.jpg 150w, https:\/\/www.lerelais-delasansfond.com\/wp-content\/uploads\/2025\/08\/IMG_6816-768x770.jpg 768w, https:\/\/www.lerelais-delasansfond.com\/wp-content\/uploads\/2025\/08\/IMG_6816-1532x1536.jpg 1532w, https:\/\/www.lerelais-delasansfond.com\/wp-content\/uploads\/2025\/08\/IMG_6816-2042x2048.jpg 2042w, https:\/\/www.lerelais-delasansfond.com\/wp-content\/uploads\/2025\/08\/IMG_6816-12x12.jpg 12w\" sizes=\"(max-width: 960px) 100vw, 960px\" \/>\t\t\t\t\t\t\t\t\t\t\t\t\t\t\t<\/div>\n\t\t\t\t<\/div>\n\t\t\t\t\t<\/div>\n\t\t<\/div>\n\t\t\t\t\t<\/div>\n\t\t<\/section>\n\t\t\t\t<section class=\"elementor-section elementor-top-section elementor-element elementor-element-e0506ff elementor-section-height-min-height elementor-section-boxed elementor-section-height-default elementor-section-items-middle wpr-particle-no wpr-jarallax-no wpr-parallax-no wpr-sticky-section-no\" data-id=\"e0506ff\" data-element_type=\"section\" data-e-type=\"section\" data-settings=\"{&quot;background_background&quot;:&quot;classic&quot;}\">\n\t\t\t\t\t\t\t<div class=\"elementor-background-overlay\"><\/div>\n\t\t\t\t\t\t\t<div class=\"elementor-container elementor-column-gap-default\">\n\t\t\t\t\t<div class=\"elementor-column elementor-col-100 elementor-top-column elementor-element elementor-element-a00e30b elementor-invisible\" data-id=\"a00e30b\" data-element_type=\"column\" data-e-type=\"column\" data-settings=\"{&quot;animation&quot;:&quot;fadeIn&quot;}\">\n\t\t\t<div class=\"elementor-widget-wrap elementor-element-populated\">\n\t\t\t\t\t\t<div class=\"elementor-element elementor-element-9a1fc9b elementor-widget elementor-widget-heading\" data-id=\"9a1fc9b\" data-element_type=\"widget\" data-e-type=\"widget\" data-widget_type=\"heading.default\">\n\t\t\t\t<div class=\"elementor-widget-container\">\n\t\t\t\t\t<h2 class=\"elementor-heading-title elementor-size-default\">Mariages et Anniversaires<\/h2>\t\t\t\t<\/div>\n\t\t\t\t<\/div>\n\t\t\t\t<div class=\"elementor-element elementor-element-00cff47 elementor-widget elementor-widget-text-editor\" data-id=\"00cff47\" data-element_type=\"widget\" data-e-type=\"widget\" data-widget_type=\"text-editor.default\">\n\t\t\t\t<div class=\"elementor-widget-container\">\n\t\t\t\t\t\t\t\t\t<p>Faites de votre grand jour un \u00e9v\u00e9nement inoubliable. Notre \u00e9quipe se charge de tous les d\u00e9tails pour que vous puissiez profiter pleinement de votre c\u00e9l\u00e9bration.<br \/>[Mariages et Anniversaires]<\/p>\t\t\t\t\t\t\t\t<\/div>\n\t\t\t\t<\/div>\n\t\t\t\t<div class=\"elementor-element elementor-element-fc0d42c elementor-widget-divider--view-line elementor-widget elementor-widget-divider\" data-id=\"fc0d42c\" data-element_type=\"widget\" data-e-type=\"widget\" data-widget_type=\"divider.default\">\n\t\t\t\t<div class=\"elementor-widget-container\">\n\t\t\t\t\t\t\t<div class=\"elementor-divider\">\n\t\t\t<span class=\"elementor-divider-separator\">\n\t\t\t\t\t\t<\/span>\n\t\t<\/div>\n\t\t\t\t\t\t<\/div>\n\t\t\t\t<\/div>\n\t\t\t\t\t<\/div>\n\t\t<\/div>\n\t\t\t\t\t<\/div>\n\t\t<\/section>\n\t\t\t\t<\/div>\n\t\t","protected":false},"excerpt":{"rendered":"<p>Ev\u00e8nements Demande de d\u00e9vis Organisez vos \u00e9v\u00e9nements Le Relais de la Sans Fond \u00e0 F\u00e9nay est l&rsquo;endroit id\u00e9al pour organiser tous vos \u00e9v\u00e9nements sp\u00e9ciaux. Que ce soit pour des mariages, des anniversaires, des s\u00e9minaires ou des r\u00e9unions de groupe, notre \u00e9quipe d\u00e9di\u00e9e est \u00e0 votre disposition pour faire de chaque occasion un moment m\u00e9morable. Profitez de notre cadre \u00e9l\u00e9gant et de notre service personnalis\u00e9 pour des \u00e9v\u00e9nements r\u00e9ussis. Service Traiteur Profitez de notre service traiteur pour vos \u00e9v\u00e9nements, qu&rsquo;ils soient priv\u00e9s ou professionnels. Notre chef et son \u00e9quipe vous proposent une cuisine inventive et raffin\u00e9e, faite maison. S\u00e9minaires et Groupes Organisez vos s\u00e9minaires, conf\u00e9rences ou r\u00e9unions de groupe dans un cadre professionnel et convivial. Nos salles modulables sont \u00e9quip\u00e9es pour r\u00e9pondre \u00e0 vos besoins. Mariages et Anniversaires Faites de votre grand jour un \u00e9v\u00e9nement inoubliable. Notre \u00e9quipe se charge de tous les d\u00e9tails pour que vous puissiez profiter pleinement de votre c\u00e9l\u00e9bration.[Mariages et Anniversaires]<\/p>\n","protected":false},"author":5,"featured_media":0,"parent":0,"menu_order":0,"comment_status":"closed","ping_status":"closed","template":"elementor_canvas","meta":{"footnotes":""},"class_list":["post-2207","page","type-page","status-publish","hentry"],"_links":{"self":[{"href":"https:\/\/www.lerelais-delasansfond.com\/en\/wp-json\/wp\/v2\/pages\/2207","targetHints":{"allow":["GET"]}}],"collection":[{"href":"https:\/\/www.lerelais-delasansfond.com\/en\/wp-json\/wp\/v2\/pages"}],"about":[{"href":"https:\/\/www.lerelais-delasansfond.com\/en\/wp-json\/wp\/v2\/types\/page"}],"author":[{"embeddable":true,"href":"https:\/\/www.lerelais-delasansfond.com\/en\/wp-json\/wp\/v2\/users\/5"}],"replies":[{"embeddable":true,"href":"https:\/\/www.lerelais-delasansfond.com\/en\/wp-json\/wp\/v2\/comments?post=2207"}],"version-history":[{"count":12,"href":"https:\/\/www.lerelais-delasansfond.com\/en\/wp-json\/wp\/v2\/pages\/2207\/revisions"}],"predecessor-version":[{"id":2704,"href":"https:\/\/www.lerelais-delasansfond.com\/en\/wp-json\/wp\/v2\/pages\/2207\/revisions\/2704"}],"wp:attachment":[{"href":"https:\/\/www.lerelais-delasansfond.com\/en\/wp-json\/wp\/v2\/media?parent=2207"}],"curies":[{"name":"wp","href":"https:\/\/api.w.org\/{rel}","templated":true}]}}